{"id":290,"date":"2017-04-17T19:53:24","date_gmt":"2017-04-17T17:53:24","guid":{"rendered":"http:\/\/elenaaerialdance.com\/?page_id=290"},"modified":"2018-05-25T01:33:04","modified_gmt":"2018-05-24T23:33:04","slug":"home","status":"publish","type":"page","link":"https:\/\/elenaaerialdance.com\/de\/","title":{"rendered":"Home"},"content":{"rendered":"<h1>Luftakrobatik Shows<\/h1>\n<h2>f\u00fcr Galas und Events<\/h2>\n<h3><\/h3>\n","protected":false},"excerpt":{"rendered":"<p>Luftakrobatik Shows f\u00fcr Galas und Events<\/p>\n","protected":false},"author":2,"featured_media":176,"parent":0,"menu_order":0,"comment_status":"closed","ping_status":"closed","template":"page_beaver.php","meta":{"_genesis_hide_title":false,"_genesis_hide_breadcrumbs":false,"_genesis_hide_singular_image":false,"_genesis_hide_footer_widgets":false,"_genesis_custom_body_class":"","_genesis_custom_post_class":"","_genesis_layout":"","footnotes":""},"yoast_head":"<!-- This site is optimized with the Yoast SEO plugin v22.6 - https:\/\/yoast.com\/wordpress\/plugins\/seo\/ -->\n<title>Kreativer Tanz in der Luft. Kreative Luftartistin Elena Ram\u00edrez<\/title>\n<meta name=\"description\" content=\"Luftartistik am Vertikaltuch und Luftring, Solo und Duett f\u00fcr Galas, Corporate Events, Festspiele, Festivals und Variet\u00e9.\" \/>\n<meta name=\"robots\" content=\"index, follow, max-snippet:-1, max-image-preview:large, max-video-preview:-1\" \/>\n<link rel=\"canonical\" href=\"https:\/\/elenaaerialdance.com\/de\/\" \/>\n<meta property=\"og:locale\" content=\"de_DE\" \/>\n<meta property=\"og:type\" content=\"article\" \/>\n<meta property=\"og:title\" content=\"Elena Ram\u00edrez - Luftartistin. Vertikaltuch, Luftring und Corde Lisse Performances. Solo und Duett.\" \/>\n<meta property=\"og:description\" content=\"Kreativer Tanz in der Luft. Elenas Repertoire beinhaltet moderne und experimentelle Shows, romantischen, leidenschaftlichen und mysteri\u00f6sen Tanz, Tango in der Luft, Suspense und Kom\u00f6die.\" \/>\n<meta property=\"og:url\" content=\"https:\/\/elenaaerialdance.com\/de\/\" \/>\n<meta property=\"og:site_name\" content=\"Elena Aerial Dance\" \/>\n<meta property=\"article:modified_time\" content=\"2018-05-24T23:33:04+00:00\" \/>\n<meta property=\"og:image\" content=\"https:\/\/elenaaerialdance.com\/wp-content\/uploads\/Elena-Aerial-Performer.jpg\" \/>\n\t<meta property=\"og:image:width\" content=\"1600\" \/>\n\t<meta property=\"og:image:height\" content=\"1067\" \/>\n\t<meta property=\"og:image:type\" content=\"image\/jpeg\" \/>\n<meta name=\"twitter:card\" content=\"summary_large_image\" \/>\n<script type=\"application\/ld+json\" class=\"yoast-schema-graph\">{\"@context\":\"https:\/\/schema.org\",\"@graph\":[{\"@type\":\"WebPage\",\"@id\":\"https:\/\/elenaaerialdance.com\/de\/\",\"url\":\"https:\/\/elenaaerialdance.com\/de\/\",\"name\":\"Kreativer Tanz in der Luft. Kreative Luftartistin Elena Ram\u00edrez\",\"isPartOf\":{\"@id\":\"https:\/\/elenaaerialdance.com\/#website\"},\"primaryImageOfPage\":{\"@id\":\"https:\/\/elenaaerialdance.com\/de\/#primaryimage\"},\"image\":{\"@id\":\"https:\/\/elenaaerialdance.com\/de\/#primaryimage\"},\"thumbnailUrl\":\"https:\/\/elenaaerialdance.com\/wp-content\/uploads\/Elena-Aerial-Performer.jpg\",\"datePublished\":\"2017-04-17T17:53:24+00:00\",\"dateModified\":\"2018-05-24T23:33:04+00:00\",\"description\":\"Luftartistik am Vertikaltuch und Luftring, Solo und Duett f\u00fcr Galas, Corporate Events, Festspiele, Festivals und Variet\u00e9.\",\"breadcrumb\":{\"@id\":\"https:\/\/elenaaerialdance.com\/de\/#breadcrumb\"},\"inLanguage\":\"de\",\"potentialAction\":[{\"@type\":\"ReadAction\",\"target\":[\"https:\/\/elenaaerialdance.com\/de\/\"]}]},{\"@type\":\"ImageObject\",\"inLanguage\":\"de\",\"@id\":\"https:\/\/elenaaerialdance.com\/de\/#primaryimage\",\"url\":\"https:\/\/elenaaerialdance.com\/wp-content\/uploads\/Elena-Aerial-Performer.jpg\",\"contentUrl\":\"https:\/\/elenaaerialdance.com\/wp-content\/uploads\/Elena-Aerial-Performer.jpg\",\"width\":1600,\"height\":1067,\"caption\":\"Elena-Aerial-Performer\"},{\"@type\":\"BreadcrumbList\",\"@id\":\"https:\/\/elenaaerialdance.com\/de\/#breadcrumb\",\"itemListElement\":[{\"@type\":\"ListItem\",\"position\":1,\"name\":\"Home\",\"item\":\"https:\/\/elenaaerialdance.com\/de\/\"},{\"@type\":\"ListItem\",\"position\":2,\"name\":\"Home\"}]},{\"@type\":\"WebSite\",\"@id\":\"https:\/\/elenaaerialdance.com\/#website\",\"url\":\"https:\/\/elenaaerialdance.com\/\",\"name\":\"Elena Aerial Dance\",\"description\":\"Aerial Dance Artist\",\"potentialAction\":[{\"@type\":\"SearchAction\",\"target\":{\"@type\":\"EntryPoint\",\"urlTemplate\":\"https:\/\/elenaaerialdance.com\/?s={search_term_string}\"},\"query-input\":\"required name=search_term_string\"}],\"inLanguage\":\"de\"}]}<\/script>\n<!-- \/ Yoast SEO plugin. -->","yoast_head_json":{"title":"Kreativer Tanz in der Luft. Kreative Luftartistin Elena Ram\u00edrez","description":"Luftartistik am Vertikaltuch und Luftring, Solo und Duett f\u00fcr Galas, Corporate Events, Festspiele, Festivals und Variet\u00e9.","robots":{"index":"index","follow":"follow","max-snippet":"max-snippet:-1","max-image-preview":"max-image-preview:large","max-video-preview":"max-video-preview:-1"},"canonical":"https:\/\/elenaaerialdance.com\/de\/","og_locale":"de_DE","og_type":"article","og_title":"Elena Ram\u00edrez - Luftartistin. Vertikaltuch, Luftring und Corde Lisse Performances. Solo und Duett.","og_description":"Kreativer Tanz in der Luft. Elenas Repertoire beinhaltet moderne und experimentelle Shows, romantischen, leidenschaftlichen und mysteri\u00f6sen Tanz, Tango in der Luft, Suspense und Kom\u00f6die.","og_url":"https:\/\/elenaaerialdance.com\/de\/","og_site_name":"Elena Aerial Dance","article_modified_time":"2018-05-24T23:33:04+00:00","og_image":[{"width":1600,"height":1067,"url":"https:\/\/elenaaerialdance.com\/wp-content\/uploads\/Elena-Aerial-Performer.jpg","type":"image\/jpeg"}],"twitter_card":"summary_large_image","schema":{"@context":"https:\/\/schema.org","@graph":[{"@type":"WebPage","@id":"https:\/\/elenaaerialdance.com\/de\/","url":"https:\/\/elenaaerialdance.com\/de\/","name":"Kreativer Tanz in der Luft. Kreative Luftartistin Elena Ram\u00edrez","isPartOf":{"@id":"https:\/\/elenaaerialdance.com\/#website"},"primaryImageOfPage":{"@id":"https:\/\/elenaaerialdance.com\/de\/#primaryimage"},"image":{"@id":"https:\/\/elenaaerialdance.com\/de\/#primaryimage"},"thumbnailUrl":"https:\/\/elenaaerialdance.com\/wp-content\/uploads\/Elena-Aerial-Performer.jpg","datePublished":"2017-04-17T17:53:24+00:00","dateModified":"2018-05-24T23:33:04+00:00","description":"Luftartistik am Vertikaltuch und Luftring, Solo und Duett f\u00fcr Galas, Corporate Events, Festspiele, Festivals und Variet\u00e9.","breadcrumb":{"@id":"https:\/\/elenaaerialdance.com\/de\/#breadcrumb"},"inLanguage":"de","potentialAction":[{"@type":"ReadAction","target":["https:\/\/elenaaerialdance.com\/de\/"]}]},{"@type":"ImageObject","inLanguage":"de","@id":"https:\/\/elenaaerialdance.com\/de\/#primaryimage","url":"https:\/\/elenaaerialdance.com\/wp-content\/uploads\/Elena-Aerial-Performer.jpg","contentUrl":"https:\/\/elenaaerialdance.com\/wp-content\/uploads\/Elena-Aerial-Performer.jpg","width":1600,"height":1067,"caption":"Elena-Aerial-Performer"},{"@type":"BreadcrumbList","@id":"https:\/\/elenaaerialdance.com\/de\/#breadcrumb","itemListElement":[{"@type":"ListItem","position":1,"name":"Home","item":"https:\/\/elenaaerialdance.com\/de\/"},{"@type":"ListItem","position":2,"name":"Home"}]},{"@type":"WebSite","@id":"https:\/\/elenaaerialdance.com\/#website","url":"https:\/\/elenaaerialdance.com\/","name":"Elena Aerial Dance","description":"Aerial Dance Artist","potentialAction":[{"@type":"SearchAction","target":{"@type":"EntryPoint","urlTemplate":"https:\/\/elenaaerialdance.com\/?s={search_term_string}"},"query-input":"required name=search_term_string"}],"inLanguage":"de"}]}},"_links":{"self":[{"href":"https:\/\/elenaaerialdance.com\/de\/wp-json\/wp\/v2\/pages\/290\/"}],"collection":[{"href":"https:\/\/elenaaerialdance.com\/de\/wp-json\/wp\/v2\/pages\/"}],"about":[{"href":"https:\/\/elenaaerialdance.com\/de\/wp-json\/wp\/v2\/types\/page\/"}],"author":[{"embeddable":true,"href":"https:\/\/elenaaerialdance.com\/de\/wp-json\/wp\/v2\/users\/2\/"}],"replies":[{"embeddable":true,"href":"https:\/\/elenaaerialdance.com\/de\/wp-json\/wp\/v2\/comments\/?post=290"}],"version-history":[{"count":2,"href":"https:\/\/elenaaerialdance.com\/de\/wp-json\/wp\/v2\/pages\/290\/revisions\/"}],"predecessor-version":[{"id":463,"href":"https:\/\/elenaaerialdance.com\/de\/wp-json\/wp\/v2\/pages\/290\/revisions\/463\/"}],"wp:featuredmedia":[{"embeddable":true,"href":"https:\/\/elenaaerialdance.com\/de\/wp-json\/wp\/v2\/media\/176\/"}],"wp:attachment":[{"href":"https:\/\/elenaaerialdance.com\/de\/wp-json\/wp\/v2\/media\/?parent=290"}],"curies":[{"name":"wp","href":"https:\/\/api.w.org\/{rel}","templated":true}]}}